{"id":3370,"date":"2020-05-14T08:50:34","date_gmt":"2020-05-14T05:50:34","guid":{"rendered":"https:\/\/www.skaala.com\/?page_id=3370"},"modified":"2025-08-20T10:36:49","modified_gmt":"2025-08-20T07:36:49","slug":"skaala-service","status":"publish","type":"page","link":"https:\/\/www.skaala.com\/sv\/skaala-service\/","title":{"rendered":"Skaala service"},"content":{"rendered":"\n<div class=\"animated-hero\">\n\t\t\t<div class=\"animated-hero--image image-0\" style=\"background-image: url(https:\/\/www.skaala.com\/wp-content\/uploads\/2020\/05\/Ryhma\u0308tyo\u0308-kaukaa-e1613130992369.jpg);\">\n\t\t<\/div>\n\t\t<div class=\"animated-hero--content\">\n\t\t\t\t\t<h1>Skaala service<span class=\"red-dot\">.<\/span><\/h1>\n\t\t\t<\/div>\n\t\n<\/div>\n\n\t\n\n\n<div class=\"wp-block-custom-content-area custom-wrapper aligncenter has-light-blue-background-color\"><div class=\"outer-wrap\">\t\n\t<div id=\"heading-block-block_023e5feed528eda3864c2f255eb95a7a\" class=\"heading-block\">\n\t\t<h2 ><span>Det viktigaste f\u00f6r oss \u00e4r kunden<\/span><\/h2>\t<\/div>\n\n\n\n<div id=\"text-block-block_e841621b6f52ac1bbad1c31b85cb5518\" class=\"text-block\">\n\t\t\t<div class=\"fusion-layout-column fusion_builder_column fusion_builder_column_1_3 fusion-builder-column-2 fusion-one-third fusion-column-first 1_3\">\n<div class=\"fusion-column-wrapper\" data-bg-url=\"\">\n<div class=\"fusion-text\">\n<h3 class=\"valiotsikko\" data-fontsize=\"24\" data-lineheight=\"30\">Professionell och p\u00e5litlig service<\/h3>\n<\/div>\n<div class=\"fusion-text\">\n<p>Vi tar hand om allt, fr\u00e5n b\u00f6rjan till slut. Kontakta oss och ber\u00e4tta hur vi kan hj\u00e4lpa till!<\/p>\n<\/div>\n<\/div>\n<\/div>\n<div class=\"fusion-text\">\n<h3 class=\"valiotsikko\" data-fontsize=\"24\" data-lineheight=\"30\">Spara energi och pengar<\/h3>\n<\/div>\n<div class=\"fusion-text\">\n<p>Skaalas f\u00f6nster \u00e4r energieffektiva och med v\u00e5ra f\u00f6nster kan du spara upp till en tredjedel av den totala uppv\u00e4rmningskostnaden. V\u00e5ra Alfa-f\u00f6nster fr\u00e5n Nordic-kollektionen \u00e4r de mest energibesparande f\u00f6nsterna p\u00e5 marknaden.<\/p>\n<div class=\"fusion-text\">\n<h3 class=\"valiotsikko\" data-fontsize=\"24\" data-lineheight=\"30\">Vi planerar och m\u00e4tar p\u00e5 gratis<\/h3>\n<\/div>\n<div class=\"fusion-text\">\n<p class=\"valiotsikko\">Skaalas service inneh\u00e5ller planering och m\u00e4tning, f\u00e4r att garantera lyckad resultat.<\/p>\n<div class=\"fusion-text\">\n<h3 class=\"valiotsikko\" data-fontsize=\"24\" data-lineheight=\"30\">Skaala financiering<\/h3>\n<\/div>\n<div class=\"fusion-text\">\n<p class=\"valiotsikko\">L\u00e4s mer fr\u00e5n v\u00e5ra finska sidor.<\/p>\n<\/div>\n<div class=\"fusion-text\">\n<h3 data-fontsize=\"24\" data-lineheight=\"30\"><span data-ccp-props=\"{\">Skaala ger garanti p\u00e5 monteringsarbete<\/span><\/h3>\n<\/div>\n<div class=\"fusion-text\">\n<p>Noggrant installationsarbete \u00e4r en viktig h\u00f6rnsten i v\u00e5r kundtj\u00e4nst. Du k\u00e4nner igen en Skaala-mont\u00f6r p\u00e5 serviceandan och ett kompromissl\u00f6st arbete. <span data-ccp-props=\"{\">Vi ger garanti p\u00e5 v\u00e5rt monteringsarbete<\/span>Vid renoveringsprojekt tar vi naturligtvis hand om \u00e5tervinningen av de gamla produkterna.<\/p>\n<div class=\"fusion-text\">\n<h3 data-fontsize=\"24\" data-lineheight=\"30\">Skaala servicetj\u00e4nst<\/h3>\n<\/div>\n<div class=\"fusion-text\">\n<p>Om du har en produkt som kr\u00e4ver service, beh\u00f6ver reservdelar eller \u00f6nskar underh\u00e5llande service, ta kontakt med Skaalas kundservice. Vi fixar din produkt snabbt och enkelt.<\/p>\n<\/div>\n<\/div>\n<\/div>\n<\/div>\n\t<\/div>\n\n<\/div><\/div>\n\n\n\n<div class=\"wp-block-custom-content-area custom-wrapper aligncenter has-dark-gray-background-color\"><div class=\"outer-wrap\">\t\n\t<div id=\"heading-block-block_f6429fbc757d70eacb35f681ec3c5e49\" class=\"heading-block\">\n\t\t<h2 ><span>V\u00e5ra tj\u00e4nster<\/span><\/h2>\t<\/div>\n\n\n\n<div id=\"text-block-block_1f044b140a98dfdfc46060ec99c599d5\" class=\"text-block\">\n\t<\/div>\n\n\n\n<div class=\"featured-pages__grid featured-pages-block count-3\">\n\t\t<div class=\"featured-pages__grid--item\">\n\t\t<a href=\"https:\/\/www.skaala.com\/sv\/skaala-service\/underhallsservice\/\">\n\t\t<div class=\"featured-image\" role=\"banner\" data-interchange=\"[https:\/\/www.skaala.com\/wp-content\/uploads\/2020\/05\/Pate-sorvaa-2-640x427.jpg, small], [https:\/\/www.skaala.com\/wp-content\/uploads\/2020\/05\/Pate-sorvaa-2-1024x683.jpg, medium], [https:\/\/www.skaala.com\/wp-content\/uploads\/2020\/05\/Pate-sorvaa-2-1200x800.jpg, large], [https:\/\/www.skaala.com\/wp-content\/uploads\/2020\/05\/Pate-sorvaa-2-1536x1024.jpg, xlarge]\">\n\t\t\t<p class=\"button\">Underh\u00e5llsservice<\/p>\n\t\t<\/div>\n\t\t<\/a>\n\t<\/div>\n\t\t\t<div class=\"featured-pages__grid--item\">\n\t\t<a href=\"https:\/\/www.skaala.com\/sv\/skaala-service\/installationstjanst\/\">\n\t\t<div class=\"featured-image\" role=\"banner\" data-interchange=\"[https:\/\/www.skaala.com\/wp-content\/uploads\/2020\/05\/Skaalan-asennuspavelu-rajattu2-640x582.jpg, small], [https:\/\/www.skaala.com\/wp-content\/uploads\/2020\/05\/Skaalan-asennuspavelu-rajattu2-1024x932.jpg, medium], [https:\/\/www.skaala.com\/wp-content\/uploads\/2020\/05\/Skaalan-asennuspavelu-rajattu2-1200x1092.jpg, large], [https:\/\/www.skaala.com\/wp-content\/uploads\/2020\/05\/Skaalan-asennuspavelu-rajattu2-1536x1398.jpg, xlarge]\">\n\t\t\t<p class=\"button\">Installationstj\u00e4nst<\/p>\n\t\t<\/div>\n\t\t<\/a>\n\t<\/div>\n\t\t\t<div class=\"featured-pages__grid--item\">\n\t\t<a href=\"https:\/\/www.skaala.com\/fi\/palvelut\/mittaus-ja-suunnittelupalvelu\/\">\n\t\t<div class=\"featured-image\" role=\"banner\" data-interchange=\"[https:\/\/www.skaala.com\/wp-content\/uploads\/2020\/05\/Anne-Mari-seisoo-na\u0308kyma\u0308-640x427.jpg, small], [https:\/\/www.skaala.com\/wp-content\/uploads\/2020\/05\/Anne-Mari-seisoo-na\u0308kyma\u0308-1024x683.jpg, medium], [https:\/\/www.skaala.com\/wp-content\/uploads\/2020\/05\/Anne-Mari-seisoo-na\u0308kyma\u0308-1200x800.jpg, large], [https:\/\/www.skaala.com\/wp-content\/uploads\/2020\/05\/Anne-Mari-seisoo-na\u0308kyma\u0308-1536x1024.jpg, xlarge]\">\n\t\t\t<p class=\"button\">Skaalan ilmainen arviointik\u00e4ynti<\/p>\n\t\t<\/div>\n\t\t<\/a>\n\t<\/div>\n\t<\/div>\n\n\n\n<div id=\"image-block_68c75727d131023764597c5c3992c555\" class=\"image-block\">\n\t\t\t\t<div class=\"image-container\" style=\"width: px; height: \n\t\tauto;\">\n\t\t\t<img decoding=\"async\" src=\"https:\/\/www.skaala.com\/wp-content\/uploads\/2020\/05\/Pate-sorvaa-2-e1660221436634.jpg\" alt=\"\">\n\t\t<\/div>\n\t \n\n\t<\/div>\n\n<\/div><\/div>\n\n\n<div class=\"featured-items-block block\">\n\t<div class=\"featured-item\">\n\t\t<div class=\"content-half has-dark-gray-background-color\">\n\t\t\t<div class=\"featured-item--content grid-item\">\n\t\t\t\t\t\t<a class=\"button button-large\" href=\"https:\/\/www.skaala.com\/fi\/ota-yhteytta\/yhteystiedot\/\">Yhteystiedot &#8211; Etsitk\u00f6 myyj\u00e4\u00e4 alueellasi tai oikeaa yhteyshenkil\u00f6\u00e4 toimistolta?\u00a0<\/a>\n\t\t\t\t\t\t<\/div>\n\t\t<\/div>\n\t\t\t\t<div class=\"featured-item--image grid-item\"\n\t\t\t\t\tdata-interchange=\"\n\t\t\t\t\t[https:\/\/www.skaala.com\/wp-content\/uploads\/2023\/08\/Olohuoneenautoikkunat-1024x1536.jpg, small], \n\t\t\t\t\t[https:\/\/www.skaala.com\/wp-content\/uploads\/2023\/08\/Olohuoneenautoikkunat-1024x1536.jpg, medium], \n\t\t\t\t\t[https:\/\/www.skaala.com\/wp-content\/uploads\/2023\/08\/Olohuoneenautoikkunat-1200x1800.jpg, large], \n\t\t\t\t\t[https:\/\/www.skaala.com\/wp-content\/uploads\/2023\/08\/Olohuoneenautoikkunat-1024x1536.jpg, xlarge]\"\n\t\t\t\t\t>\n\t\t<\/div>\n\t\t\t<\/div>\n\t<\/div>\n\n\n<div class=\"faq-section has-red-background-color\">\n\t<div class=\"faq-container accordion\" data-accordion data-allow-all-closed=\"true\">\n\t\t<div class=\"section-title\"><h2>Usein kysytyt kysymykset<\/h2><\/div>\n\t\t\t\t\t\t<div class=\"grid-item accordion-item\" data-accordion-item>\n\t\t\t\t<a href=\"#\" class=\"grid-item--title accordion-title\">Varf\u00f6r lossar f\u00f6nster- och d\u00f6rrbeslag?<\/a href=\"#\">\n\t\t\t\t<div class=\"accordion-content\" data-tab-content>\n\t\t\t\t<p>Att skruvar f\u00f6r beslag lossnar \u00e4r ett normalt fenomen vid h\u00e5rd anv\u00e4ndning. Detta kan dock f\u00f6rhindras genom att anv\u00e4nda skruvl\u00e5sning som man kan k\u00f6pa vid j\u00e4rnaff\u00e4rer eller biltillbeh\u00f6rsaff\u00e4rer.<\/p>\n\t\t\t\t<\/div>\n\t\t\t\t<\/div>\n\t\t\t\t\t\t<div class=\"grid-item accordion-item\" data-accordion-item>\n\t\t\t\t<a href=\"#\" class=\"grid-item--title accordion-title\">Hur best\u00e4ms d\u00f6rrens h\u00e4nthet?<\/a href=\"#\">\n\t\t\t\t<div class=\"accordion-content\" data-tab-content>\n\t\t\t\t<p><span style=\"font-weight: 400;\">D\u00f6rrens h\u00e4ntet ses utifr\u00e5n. H\u00e4ntheten best\u00e4ms utg\u00e5ende fr\u00e5n vilken hand man anv\u00e4nder f\u00f6r att \u00f6ppna d\u00f6rren. Om handtaget \u00e4r p\u00e5 h\u00f6ger sida av d\u00f6rren s\u00e5 \u00e4r d\u00f6rren v\u00e4nsterh\u00e4nt. \u00c4r handtaget p\u00e5 v\u00e4nster sida \u00e4r d\u00f6rren h\u00f6gerh\u00e4nt.<\/span><\/p>\n\t\t\t\t<\/div>\n\t\t\t\t<\/div>\n\t\t\t\t\t\t<div class=\"grid-item accordion-item\" data-accordion-item>\n\t\t\t\t<a href=\"#\" class=\"grid-item--title accordion-title\">Vad betyder d\u00f6rrens m\u00e5tt och storleksm\u00e4rkningar?<\/a href=\"#\">\n\t\t\t\t<div class=\"accordion-content\" data-tab-content>\n\t\t\t\t<p><span style=\"font-weight: 400;\">D\u00f6rrm\u00e5tten anves alltid med karmen inr\u00e4knad. I offerten ges standardm\u00e5tten f\u00f6r d\u00f6rren mycket exakt, men annars \u00e4r det praxis att meddela m\u00e5tten avrundade till n\u00e4rmaste tio centimeter.<\/span><\/p>\n<p><span style=\"font-weight: 400;\">Exempel:<\/span><\/p>\n<p><span style=\"font-weight: 400;\">Om d\u00f6rrens m\u00e5tt \u00e4r 890 x 2090, meddelas m\u00e5tten som\u00a0 9&#215;21<\/span><\/p>\n<p><span style=\"font-weight: 400;\">OBS! Detta f\u00f6rfarande g\u00e4ller ej f\u00f6r d\u00f6rrar med specialm\u00e5tt.\u00a0<\/span><\/p>\n\t\t\t\t<\/div>\n\t\t\t\t<\/div>\n\t\t\t\t\t\t<div class=\"grid-item accordion-item\" data-accordion-item>\n\t\t\t\t<a href=\"#\" class=\"grid-item--title accordion-title\">Vad betyder karmdjup?<\/a href=\"#\">\n\t\t\t\t<div class=\"accordion-content\" data-tab-content>\n\t\t\t\t<p><span style=\"font-weight: 400;\">Med f\u00f6nsters och d\u00f6rrars karmdjup avses det m\u00e5tt som m\u00e4ts upp mellan ramens inre och yttre kanter. Valet av karmdjup p\u00e5verkas bl.a. av v\u00e4ggens tjocklek. Det \u00e4r alltid en bra id\u00e9 att s\u00e4kerst\u00e4lla korrekt karmdjup fr\u00e5n n\u00e5gon av Skaalas experter.<\/span><\/p>\n\t\t\t\t<\/div>\n\t\t\t\t<\/div>\n\t\t\t\t\t\t<div class=\"grid-item accordion-item\" data-accordion-item>\n\t\t\t\t<a href=\"#\" class=\"grid-item--title accordion-title\">Vad orsakar de m\u00f6rka fl\u00e4ckarna p\u00e5 d\u00f6rrens yta?<\/a href=\"#\">\n\t\t\t\t<div class=\"accordion-content\" data-tab-content>\n\t\t\t\t<p><span style=\"font-weight: 400;\">D\u00f6rren m\u00e5ste underh\u00e5llas regelbundet och tv\u00e4tt \u00e4r en viktig del av det grundl\u00e4ggande underh\u00e5llet av produkten. Smuts kan bli en grogrund f\u00f6r m\u00f6gel. Utan regelbunden reng\u00f6ring kan m\u00e5lytan skadas. Bekanta dig med underh\u00e5llet av Skaalas produkter p\u00e5 sidorna 12-14 i bruksanvisningen f\u00f6r drift, installation och underh\u00e5ll.<\/span><\/p>\n\t\t\t\t<\/div>\n\t\t\t\t<\/div>\n\t\t\t\t\t\t<div class=\"grid-item accordion-item\" data-accordion-item>\n\t\t\t\t<a href=\"#\" class=\"grid-item--title accordion-title\">Varf\u00f6r l\u00e5ser inte d\u00f6rren?<\/a href=\"#\">\n\t\t\t\t<div class=\"accordion-content\" data-tab-content>\n\t\t\t\t<p><span style=\"font-weight: 400;\">Kontrollera att l\u00e5skolven befinner sig i r\u00e4tt l\u00e4ge i f\u00f6rh\u00e5llande till slutblecket. Om s\u00e5 inte \u00e4r fallet, kontrollera d\u00f6rrens inst\u00e4llningar p\u00e5 sidan 8 i Skaalas bruksanvisning f\u00f6r drift, installation och underh\u00e5ll. Om du inte f\u00e5r \u00e5tg\u00e4rdat felet, kontakta din n\u00e4rmaste l\u00e5shandel.<\/span><\/p>\n\t\t\t\t<\/div>\n\t\t\t\t<\/div>\n\t\t\t\t\t\t<div class=\"grid-item accordion-item\" data-accordion-item>\n\t\t\t\t<a href=\"#\" class=\"grid-item--title accordion-title\">Varf\u00f6r \u00f6ppnar inte terassd\u00f6rren ordentligt?<\/a href=\"#\">\n\t\t\t\t<div class=\"accordion-content\" data-tab-content>\n\t\t\t\t<p><span style=\"font-weight: 400;\">Kontrollera f\u00f6rst att korrekt anv\u00e4ndning: vredet m\u00e5ste vara helt \u00f6ppet (90\u00b0). Om felet kvarst\u00e5r se Anv\u00e4ndning av ytter- och terassd\u00f6rrar i Skaalas bruksanvisning f\u00f6r drift, installation och underh\u00e5ll, p\u00e5 sida 9.<\/span><\/p>\n\t\t\t\t<\/div>\n\t\t\t\t<\/div>\n\t\t\t\t\t\t<div class=\"grid-item accordion-item\" data-accordion-item>\n\t\t\t\t<a href=\"#\" class=\"grid-item--title accordion-title\">Varf\u00f6r \u00f6ppnas inte ytterd\u00f6rren ordentligt?<\/a href=\"#\">\n\t\t\t\t<div class=\"accordion-content\" data-tab-content>\n\t\t\t\t<p><span style=\"font-weight: 400;\">Detta beror f\u00f6rmodligen p\u00e5 felaktig inst\u00e4llning av d\u00f6rrbladet. Se Justering av d\u00f6rrblad i Skaalas bruksanvisning f\u00f6r drift, installation och underh\u00e5ll, p\u00e5 sidorna 8 &#8211; 9<\/span><\/p>\n\t\t\t\t<\/div>\n\t\t\t\t<\/div>\n\t\t\t\t\t\t<div class=\"grid-item accordion-item\" data-accordion-item>\n\t\t\t\t<a href=\"#\" class=\"grid-item--title accordion-title\">Hur kommer damm eller insekter i utrymmet mellan f\u00f6nstren?<\/a href=\"#\">\n\t\t\t\t<div class=\"accordion-content\" data-tab-content>\n\t\t\t\t<p><span style=\"font-weight: 400;\">Grundtanken med f\u00f6nster med tv\u00e5 b\u00e5gar \u00e4r att det skall f\u00f6rekomma ventilation i utrymmet mellan inner- och ytterb\u00e5gen. F\u00f6r att detta skall fungera s\u00e5 m\u00e5ste det finnas ventilationssp\u00e5r i t\u00e4tningarna, som till\u00e5ter luften att cirkulera. Dessutom finns det i underkarmens aluminiumprofil h\u00e5l som har tv\u00e5 funktioner:<\/span><\/p>\n<ul>\n<li><span style=\"font-weight: 400; color: #000000;\">Styra ut regnvatten som kommer p\u00e5 profilen<\/span><\/li>\n<li><span style=\"font-weight: 400; color: #000000;\">M\u00f6jligg\u00f6ra ventilation av utrymmet mellan b\u00e5garna<\/span><\/li>\n<\/ul>\n<p><span style=\"font-weight: 400;\">H\u00e5lens storlek \u00e4r exakt dimensionerade f\u00f6r att s\u00e4kerst\u00e4lla att vattnet dr\u00e4neras. Blockering av h\u00e5l och ventilationssp\u00e5r kan orsaka skador p\u00e5 produkten eller omgivande konstruktion.<\/span><\/p>\n<p><span style=\"font-weight: 400;\">M\u00e4ngden damm och insekter som kan komma in i utrymmet beror p\u00e5 l\u00e4get f\u00f6r l\u00e4genheten och vindens riktning. Under vissa omst\u00e4ndigheter kan mycket fin sn\u00f6 komma in i mellanrummet. Dessa \u00e4r dock inte produktdefekter utan en kombination av produktens egenskaper och milj\u00f6n.<\/span><\/p>\n\t\t\t\t<\/div>\n\t\t\t\t<\/div>\n\t\t\t\t\t\t<div class=\"grid-item accordion-item\" data-accordion-item>\n\t\t\t\t<a href=\"#\" class=\"grid-item--title accordion-title\">Hur man tar hand om sj\u00e4lvrensande glas?<\/a href=\"#\">\n\t\t\t\t<div class=\"accordion-content\" data-tab-content>\n\t\t\t\t<p><span style=\"font-weight: 400;\">Sj\u00e4lvreng\u00f6rande glas \u00e4r vanligt glas vars utsida har en specialbel\u00e4ggning med tv\u00e5 effekter. Solljus bryter ner den organiska smuts som finns p\u00e5 glasytan och regnvatten sk\u00f6ljer bort smutsen som har lossnat. Bel\u00e4ggningen \u00e4r fast fixerad i glaset\u00a0 \u2013 s\u00e5ledes f\u00f6rst\u00f6rs det endast om vassa f\u00f6rem\u00e5l, polerande reng\u00f6ringsmedel eller st\u00e5lull skadar sj\u00e4lva glaset. Du kan tv\u00e4tta ett sj\u00e4lvreng\u00f6rande glas p\u00e5 samma s\u00e4tt som v\u00e5ra \u00f6vriga produkter, med ett milt alkaliskt reng\u00f6ringsmedel. Den vanligaste orsaken till att sj\u00e4lvreng\u00f6ringen inte fungerar \u00e4r brist p\u00e5 solljus eller regnvatten.<\/span><\/p>\n\t\t\t\t<\/div>\n\t\t\t\t<\/div>\n\t\t\t\t\t<div class=\"archive-link\">\n\t\t\t<a href=\"https:\/\/www.skaala.com\/sv\/ukk\/\" class=\"button\">Se alla fr\u00e5gor<\/a>\n\t\t<\/div>\n\t<\/div>\n<\/div>\n","protected":false},"excerpt":{"rendered":"","protected":false},"author":5,"featured_media":11608,"parent":0,"menu_order":0,"comment_status":"closed","ping_status":"closed","template":"","meta":{"_acf_changed":false,"inline_featured_image":false,"footnotes":""},"class_list":["post-3370","page","type-page","status-publish","has-post-thumbnail","hentry"],"acf":[],"_links":{"self":[{"href":"https:\/\/www.skaala.com\/sv\/wp-json\/wp\/v2\/pages\/3370","targetHints":{"allow":["GET"]}}],"collection":[{"href":"https:\/\/www.skaala.com\/sv\/wp-json\/wp\/v2\/pages"}],"about":[{"href":"https:\/\/www.skaala.com\/sv\/wp-json\/wp\/v2\/types\/page"}],"author":[{"embeddable":true,"href":"https:\/\/www.skaala.com\/sv\/wp-json\/wp\/v2\/users\/5"}],"replies":[{"embeddable":true,"href":"https:\/\/www.skaala.com\/sv\/wp-json\/wp\/v2\/comments?post=3370"}],"version-history":[{"count":3,"href":"https:\/\/www.skaala.com\/sv\/wp-json\/wp\/v2\/pages\/3370\/revisions"}],"predecessor-version":[{"id":25220,"href":"https:\/\/www.skaala.com\/sv\/wp-json\/wp\/v2\/pages\/3370\/revisions\/25220"}],"wp:featuredmedia":[{"embeddable":true,"href":"https:\/\/www.skaala.com\/sv\/wp-json\/wp\/v2\/media\/11608"}],"wp:attachment":[{"href":"https:\/\/www.skaala.com\/sv\/wp-json\/wp\/v2\/media?parent=3370"}],"curies":[{"name":"wp","href":"https:\/\/api.w.org\/{rel}","templated":true}]}}