{"id":6186,"date":"2020-05-25T08:16:23","date_gmt":"2020-05-25T05:16:23","guid":{"rendered":"https:\/\/www.skaala.com\/?page_id=6186"},"modified":"2023-02-23T10:46:20","modified_gmt":"2023-02-23T08:46:20","slug":"lamna-feedback","status":"publish","type":"page","link":"https:\/\/www.skaala.com\/sv\/lamna-feedback\/","title":{"rendered":"L\u00e4mna feedback"},"content":{"rendered":"\n<div class=\"wp-block-custom-content-area custom-wrapper alignleft has-light-blue-background-color\"><div class=\"outer-wrap\">\t\n\t<div id=\"heading-block-block_643869932843835c7549e4835c259122\" class=\"heading-block\">\n\t\t<h1 ><span>L\u00e4mna feedback<\/span><\/h1>\t<\/div>\n\n\n\n<div id=\"text-block-block_01e9f47450d65614c25cc43e0d2a2def\" class=\"text-block\">\n\t\t\t<p>F\u00f6r att s\u00e4kerst\u00e4lla att tj\u00e4nsten fungerar smidigt \u00e4r det s\u00e4rskilt viktigt att du bifogar <strong>bilder av felet och produktidentifieringsklisterm\u00e4rket<\/strong> till feedbacken. Du kan bifoga bilderna antingen till formul\u00e4ret nedan eller skicka dem via e-post till info(at)skaala.com. (Ofullst\u00e4ndig anm\u00e4lan kan leda till att hantering av \u00e4rende f\u00f6rsenas eller att \u00e4rende inte kan hanteras)<\/p>\n<p>Kolla ocks\u00e5 in de vanligaste fr\u00e5gorna om f\u00f6nster och d\u00f6rrar och underh\u00e5llsanvisningarna l\u00e4ngst ner p\u00e5 sidan.<\/p>\n<p><strong>Vid transportskador,<\/strong> v\u00e4nligen informera logistiikka@skaala.com utan dr\u00f6jsm\u00e5l. Kom ih\u00e5g att bifoga ditt ordernummer till meddelandet.<\/p>\n\t<\/div>\n\n\n\n\n<div id=\"text-block-block_85fd43034683a52ced2393f8acca4392\" class=\"text-block\">\n\t\t\t<p><iframe style=\"width: 100%; min-height: 500px;\" src=\"https:\/\/upcode.skaala.com\/customer_se\/\"><\/iframe><\/p>\n\t<\/div>\n\n<\/div><\/div>\n\n\n<div class=\"faq-section has-dark-gray-background-color\">\n\t<div class=\"faq-container accordion\" data-accordion data-allow-all-closed=\"true\">\n\t\t<div class=\"section-title\"><h2>Usein kysytyt kysymykset<\/h2><\/div>\n\t\t\t\t\t\t<div class=\"grid-item accordion-item\" data-accordion-item>\n\t\t\t\t<a href=\"#\" class=\"grid-item--title accordion-title\">Vad \u00e4r v\u00e4rmebrott \/ termisk chock?<\/a href=\"#\">\n\t\t\t\t<div class=\"accordion-content\" data-tab-content>\n\t\t\t\t<p>V\u00e4rmebrott i f\u00f6nster, \u00e4ven k\u00e4nt som termisk chock, \u00e4r n\u00e4r f\u00f6nsterglaset g\u00e5r s\u00f6nder p\u00e5 grund av stora temperaturskillnader mellan glaselementen. N\u00e4r glasytor v\u00e4rms upp oj\u00e4mnt uts\u00e4tts glasstrukturen f\u00f6r sp\u00e4nning: det varma omr\u00e5det expanderar och det kalla omr\u00e5det motst\u00e5r samtidigt expansion, vilket kan leda till att glaset spricker. Detta beror ofta p\u00e5 partiell skuggning av glaset eller en skugga, som orsakas exempelvis av konstruktioner, m\u00f6bler, gardiner, persienner eller andra motsvarande externa faktorer.<\/p>\n<p>Man kan minska risken f\u00f6r termisk chock i ett f\u00f6nster<\/p>\n<p>\u2714 genom valet av glas: ju h\u00e5llbarare glaset \u00e4r, desto l\u00e4gre \u00e4r risken f\u00f6r termisk chock. H\u00e4rdat glas \u00e4r t.ex. mycket mer motst\u00e5ndskraftigt mot v\u00e4rmebelastning \u00e4n vanligt glas.<\/p>\n<p>\u2714 genom placeringen av m\u00f6bler: Placera inte inomhus m\u00f6bler i omedelbar n\u00e4rhet av f\u00f6nster. Kom ocks\u00e5 ih\u00e5g att placera m\u00f6bler utomhus, t.ex. terrassm\u00f6bler, s\u00e5 att det inte uppst\u00e5r temperaturskillnader vid f\u00f6nstret.<\/p>\n<p>\u2714 genom att anv\u00e4nda ljusa persienner eller gardiner: Med m\u00f6rka persienner \u00f6kar risken f\u00f6r termisk chock, s\u00e5 det l\u00f6nar sig att undvika dem.<\/p>\n<p>\u2714 genom att anv\u00e4nda persienner \u00f6ver hela f\u00f6nsterytan: en persienn halvv\u00e4gs \u00f6ver f\u00f6nstret \u00f6kar risken f\u00f6r termisk chock n\u00e4r v\u00e4rmebelastningen f\u00f6rdelas oj\u00e4mnt \u00f6ver glaset.<\/p>\n<p>\u2714 genom att undvika att f\u00e4sta film eller tejp p\u00e5 f\u00f6nsterytan.<\/p>\n<p><strong>Obs! Garantin omfattar inte att glas g\u00e5r s\u00f6nder p\u00e5 grund av termisk chock.<\/strong><\/p>\n\t\t\t\t<\/div>\n\t\t\t\t<\/div>\n\t\t\t\t\t\t<div class=\"grid-item accordion-item\" data-accordion-item>\n\t\t\t\t<a href=\"#\" class=\"grid-item--title accordion-title\">Varf\u00f6r lossar f\u00f6nster- och d\u00f6rrbeslag?<\/a href=\"#\">\n\t\t\t\t<div class=\"accordion-content\" data-tab-content>\n\t\t\t\t<p>Att skruvar f\u00f6r beslag lossnar \u00e4r ett normalt fenomen vid h\u00e5rd anv\u00e4ndning. Detta kan dock f\u00f6rhindras genom att anv\u00e4nda skruvl\u00e5sning som man kan k\u00f6pa vid j\u00e4rnaff\u00e4rer eller biltillbeh\u00f6rsaff\u00e4rer.<\/p>\n\t\t\t\t<\/div>\n\t\t\t\t<\/div>\n\t\t\t\t\t\t<div class=\"grid-item accordion-item\" data-accordion-item>\n\t\t\t\t<a href=\"#\" class=\"grid-item--title accordion-title\">Vad \u00e4r argon-gas?<\/a href=\"#\">\n\t\t\t\t<div class=\"accordion-content\" data-tab-content>\n\t\t\t\t<p><span style=\"font-weight: 400;\">Argon \u00e4r en f\u00e4rgl\u00f6s, luktfri och smakl\u00f6s gas som har atomnummer 18\u00a0 och \u00e4r en \u00e4delgas. Det \u00e4r den vanligaste \u00e4delgasen och den finns i jordens atmosf\u00e4r i en halt av ungef\u00e4r 0,94% . Argongas \u00e4r t\u00e4tare \u00e4n luft och anv\u00e4nds i isolerglaselement som en isolerande gas.<\/span><\/p>\n\t\t\t\t<\/div>\n\t\t\t\t<\/div>\n\t\t\t\t\t\t<div class=\"grid-item accordion-item\" data-accordion-item>\n\t\t\t\t<a href=\"#\" class=\"grid-item--title accordion-title\">Vad \u00e4r selektivglas?<\/a href=\"#\">\n\t\t\t\t<div class=\"accordion-content\" data-tab-content>\n\t\t\t\t<p><span style=\"font-weight: 400;\">Ytan p\u00e5 det selektiva glaset har ett metalloxidskikt som till\u00e5ter att l\u00e5ngv\u00e5gig v\u00e4rmestr\u00e5lning reflekteras bort, medan kortv\u00e5gig till\u00e5ts passera genom glaset. Som ett resultat kommer solljuset in i rummet, men endast en del av str\u00e5lningsv\u00e4rmen inifr\u00e5n reflekteras ut. V\u00e4rmeisoleringen av den selektiva glasstrukturen \u00e4r d\u00e4rf\u00f6r b\u00e4ttre. Det selektiva glaset minskar dessutom kondens p\u00e5 glaset vid kalla temperaturer samt minskar k\u00e4nslan av drag eftersom f\u00f6nsterytans yttemperatur \u00e4r h\u00f6gre \u00e4n f\u00f6r vanligt glas.<\/span><\/p>\n\t\t\t\t<\/div>\n\t\t\t\t<\/div>\n\t\t\t\t\t\t<div class=\"grid-item accordion-item\" data-accordion-item>\n\t\t\t\t<a href=\"#\" class=\"grid-item--title accordion-title\">Vad betyder U-v\u00e4rde?<\/a href=\"#\">\n\t\t\t\t<div class=\"accordion-content\" data-tab-content>\n\t\t\t\t<p><span style=\"font-weight: 400;\">U-v\u00e4rdet \u00e4r v\u00e4rme\u00f6verf\u00f6ringskoefficienten. U-v\u00e4rdet tillk\u00e4nnager v\u00e4rmeisoleringsprestandan f\u00f6r ett f\u00f6nster eller d\u00f6rr. Ju l\u00e4gre U-v\u00e4rde desto b\u00e4ttre v\u00e4rmeisolering.<\/span><\/p>\n\t\t\t\t<\/div>\n\t\t\t\t<\/div>\n\t\t\t\t\t\t<div class=\"grid-item accordion-item\" data-accordion-item>\n\t\t\t\t<a href=\"#\" class=\"grid-item--title accordion-title\">Vad betyder E-v\u00e4rde?<\/a href=\"#\">\n\t\t\t\t<div class=\"accordion-content\" data-tab-content>\n\t\t\t\t<p><span style=\"font-weight: 400;\">E-v\u00e4rdet \u00e4r det ber\u00e4knade v\u00e4rdet f\u00f6r f\u00f6nstret, som\u00a0 indikerar hur mycket energi som f\u00f6rbrukas av f\u00f6nstret. Om f\u00f6nstret E-v\u00e4rde till exempel \u00e4r 100, kommer f\u00f6nstret att f\u00f6rbruka\u00a0 v\u00e4rmeenergi f\u00f6r i genomsnitt 100 kilowatt-timmar per kvadratmeter. E-v\u00e4rdet g\u00f6r det enkelt att j\u00e4mf\u00f6ra olika f\u00f6nstermodeller och tillverkare. F\u00f6r alla f\u00f6nstermodeller i skalan ber\u00e4knas E-v\u00e4rdet med hj\u00e4lp av standardmetoden f\u00f6r VTT.<\/span><\/p>\n\t\t\t\t<\/div>\n\t\t\t\t<\/div>\n\t\t\t\t\t\t<div class=\"grid-item accordion-item\" data-accordion-item>\n\t\t\t\t<a href=\"#\" class=\"grid-item--title accordion-title\">Vad betyder energieklassificering?<\/a href=\"#\">\n\t\t\t\t<div class=\"accordion-content\" data-tab-content>\n\t\t\t\t<p><span style=\"font-weight: 400;\">Energiklassificeringen anger energif\u00f6rbrukningen i f\u00f6nstret och tillh\u00f6rande v\u00e4rden. Energiklassificeringen \u00e4r ett officiellt klassificeringssystem, som underh\u00e5lls av Motiva Oy. Energiklassificeringen m\u00f6jligg\u00f6r ocks\u00e5 en objektiv j\u00e4mf\u00f6relse mellan produkterna. Energiklassificering av f\u00f6nster \u00e4r frivillig f\u00f6r tillverkare.<\/span><\/p>\n<p><span style=\"font-weight: 400;\">I energiklassificeringen ber\u00e4knas ett j\u00e4mf\u00f6relsetal f\u00f6r f\u00f6nstret, som visar hur stort uppv\u00e4rmningsbehov f\u00f6nsterkonstruktionen orsakar per \u00e5r. F\u00f6nstren ges en energim\u00e4rkning som \u00e4r k\u00e4nd fr\u00e5n vitvaror, d\u00e4r f\u00f6nstren \u00e4r indelade i kategorier p\u00e5 en skala fr\u00e5n A till G.<\/span><\/p>\n<p><span style=\"font-weight: 400; color: #000000;\">F\u00f6ljande faktorer p\u00e5verkar f\u00f6nstrets energieffektivitet:<\/span><\/p>\n<ul>\n<li><span style=\"font-weight: 400; color: #000000;\">glasdelens U-v\u00e4rde<\/span><\/li>\n<li><span style=\"font-weight: 400; color: #000000;\"> luftt\u00e4thet\u00a0<\/span><\/li>\n<li><span style=\"font-weight: 400; color: #000000;\"> total transmittans av solstr\u00e5lning (g-v\u00e4rde)<\/span><\/li>\n<li><span style=\"font-weight: 400; color: #000000;\"> glasens selektiva bel\u00e4ggningar<\/span><\/li>\n<li><span style=\"font-weight: 400; color: #000000;\">vilken gas som anv\u00e4nds i glaskassetterna<\/span><\/li>\n<li><span style=\"font-weight: 400; color: #000000;\">isolationslistens material<\/span><\/li>\n<\/ul>\n<p><span style=\"color: #000000;\"><span style=\"font-weight: 400;\">o<\/span> <span style=\"font-weight: 400;\"> K\u00e4lla: Motiva Oy<\/span><\/span><\/p>\n<p><span style=\"font-weight: 400;\">D\u00f6rrprodukter har \u00e4nnu inte ett officiellt klassificeringssystem.<\/span><\/p>\n<p><span style=\"font-weight: 400;\">Energim\u00e4rket indikerar f\u00f6nstrets energiklassificering och energieffektivitetsv\u00e4rdena.<\/span><\/p>\n<p>&nbsp;<\/p>\n\t\t\t\t<\/div>\n\t\t\t\t<\/div>\n\t\t\t\t\t\t<div class=\"grid-item accordion-item\" data-accordion-item>\n\t\t\t\t<a href=\"#\" class=\"grid-item--title accordion-title\">Hur best\u00e4ms d\u00f6rrens h\u00e4nthet?<\/a href=\"#\">\n\t\t\t\t<div class=\"accordion-content\" data-tab-content>\n\t\t\t\t<p><span style=\"font-weight: 400;\">D\u00f6rrens h\u00e4ntet ses utifr\u00e5n. H\u00e4ntheten best\u00e4ms utg\u00e5ende fr\u00e5n vilken hand man anv\u00e4nder f\u00f6r att \u00f6ppna d\u00f6rren. Om handtaget \u00e4r p\u00e5 h\u00f6ger sida av d\u00f6rren s\u00e5 \u00e4r d\u00f6rren v\u00e4nsterh\u00e4nt. \u00c4r handtaget p\u00e5 v\u00e4nster sida \u00e4r d\u00f6rren h\u00f6gerh\u00e4nt.<\/span><\/p>\n\t\t\t\t<\/div>\n\t\t\t\t<\/div>\n\t\t\t\t\t\t<div class=\"grid-item accordion-item\" data-accordion-item>\n\t\t\t\t<a href=\"#\" class=\"grid-item--title accordion-title\">Vad betyder d\u00f6rrens m\u00e5tt och storleksm\u00e4rkningar?<\/a href=\"#\">\n\t\t\t\t<div class=\"accordion-content\" data-tab-content>\n\t\t\t\t<p><span style=\"font-weight: 400;\">D\u00f6rrm\u00e5tten anves alltid med karmen inr\u00e4knad. I offerten ges standardm\u00e5tten f\u00f6r d\u00f6rren mycket exakt, men annars \u00e4r det praxis att meddela m\u00e5tten avrundade till n\u00e4rmaste tio centimeter.<\/span><\/p>\n<p><span style=\"font-weight: 400;\">Exempel:<\/span><\/p>\n<p><span style=\"font-weight: 400;\">Om d\u00f6rrens m\u00e5tt \u00e4r 890 x 2090, meddelas m\u00e5tten som\u00a0 9&#215;21<\/span><\/p>\n<p><span style=\"font-weight: 400;\">OBS! Detta f\u00f6rfarande g\u00e4ller ej f\u00f6r d\u00f6rrar med specialm\u00e5tt.\u00a0<\/span><\/p>\n\t\t\t\t<\/div>\n\t\t\t\t<\/div>\n\t\t\t\t\t\t<div class=\"grid-item accordion-item\" data-accordion-item>\n\t\t\t\t<a href=\"#\" class=\"grid-item--title accordion-title\">Vad betyder karmdjup?<\/a href=\"#\">\n\t\t\t\t<div class=\"accordion-content\" data-tab-content>\n\t\t\t\t<p><span style=\"font-weight: 400;\">Med f\u00f6nsters och d\u00f6rrars karmdjup avses det m\u00e5tt som m\u00e4ts upp mellan ramens inre och yttre kanter. Valet av karmdjup p\u00e5verkas bl.a. av v\u00e4ggens tjocklek. Det \u00e4r alltid en bra id\u00e9 att s\u00e4kerst\u00e4lla korrekt karmdjup fr\u00e5n n\u00e5gon av Skaalas experter.<\/span><\/p>\n\t\t\t\t<\/div>\n\t\t\t\t<\/div>\n\t\t\t\t\t\t<div class=\"grid-item accordion-item\" data-accordion-item>\n\t\t\t\t<a href=\"#\" class=\"grid-item--title accordion-title\">Vad \u00e4r en panoramad\u00f6rr?<\/a href=\"#\">\n\t\t\t\t<div class=\"accordion-content\" data-tab-content>\n\t\t\t\t<p><span style=\"font-weight: 400;\">Med begreppet panoramad\u00f6rr avses en skjutd\u00f6rr helt i glas, en d\u00f6rr som \u00f6ppnar upp ett panorama, ett landskap. En d\u00f6rr som skapar en smidig passage till g\u00e5rden, balkongen eller terassen. Panoramad\u00f6rren \u00e4r praktiskt taget det samma som en skjutd\u00f6rr. Skaala ville skapa ett nytt koncept eftersom panoramad\u00f6rren b\u00e4ttre \u00e5terspeglar d\u00f6rrtypens syfte och det praktiska utrymme den skapar samt k\u00e4nslan av rymd i l\u00e4genheten.<\/span><\/p>\n\t\t\t\t<\/div>\n\t\t\t\t<\/div>\n\t\t\t\t\t\t<div class=\"grid-item accordion-item\" data-accordion-item>\n\t\t\t\t<a href=\"#\" class=\"grid-item--title accordion-title\">Innerd\u00f6rr, melland\u00f6rr, interi\u00f6rd\u00f6rr. Vad \u00e4r det f\u00f6r skillnad p\u00e5 dem?<\/a href=\"#\">\n\t\t\t\t<div class=\"accordion-content\" data-tab-content>\n\t\t\t\t<p><span style=\"font-weight: 400;\">Ingen alls. \u00c5r 2007 introducerade Skaala begreppet interi\u00f6rd\u00f6rr, eftersom det b\u00e4ttre beskriver betydelsen av olika d\u00f6rrdesigner och stilar som ett inredningselement i bost\u00e4der. Andra inhemska tillverkare har nu f\u00f6ljt efter. Men du kan fortfarande anv\u00e4nda gamla bekanta ord,\u00a0 innerd\u00f6rr och melland\u00f6rr. De syftar alla p\u00e5 samma sak.<\/span><\/p>\n\t\t\t\t<\/div>\n\t\t\t\t<\/div>\n\t\t\t\t\t\t<div class=\"grid-item accordion-item\" data-accordion-item>\n\t\t\t\t<a href=\"#\" class=\"grid-item--title accordion-title\">Vad orsakar de m\u00f6rka fl\u00e4ckarna p\u00e5 d\u00f6rrens yta?<\/a href=\"#\">\n\t\t\t\t<div class=\"accordion-content\" data-tab-content>\n\t\t\t\t<p><span style=\"font-weight: 400;\">D\u00f6rren m\u00e5ste underh\u00e5llas regelbundet och tv\u00e4tt \u00e4r en viktig del av det grundl\u00e4ggande underh\u00e5llet av produkten. Smuts kan bli en grogrund f\u00f6r m\u00f6gel. Utan regelbunden reng\u00f6ring kan m\u00e5lytan skadas. Bekanta dig med underh\u00e5llet av Skaalas produkter p\u00e5 sidorna 12-14 i bruksanvisningen f\u00f6r drift, installation och underh\u00e5ll.<\/span><\/p>\n\t\t\t\t<\/div>\n\t\t\t\t<\/div>\n\t\t\t\t\t\t<div class=\"grid-item accordion-item\" data-accordion-item>\n\t\t\t\t<a href=\"#\" class=\"grid-item--title accordion-title\">Varf\u00f6r l\u00e5ser inte d\u00f6rren?<\/a href=\"#\">\n\t\t\t\t<div class=\"accordion-content\" data-tab-content>\n\t\t\t\t<p><span style=\"font-weight: 400;\">Kontrollera att l\u00e5skolven befinner sig i r\u00e4tt l\u00e4ge i f\u00f6rh\u00e5llande till slutblecket. Om s\u00e5 inte \u00e4r fallet, kontrollera d\u00f6rrens inst\u00e4llningar p\u00e5 sidan 8 i Skaalas bruksanvisning f\u00f6r drift, installation och underh\u00e5ll. Om du inte f\u00e5r \u00e5tg\u00e4rdat felet, kontakta din n\u00e4rmaste l\u00e5shandel.<\/span><\/p>\n\t\t\t\t<\/div>\n\t\t\t\t<\/div>\n\t\t\t\t\t\t<div class=\"grid-item accordion-item\" data-accordion-item>\n\t\t\t\t<a href=\"#\" class=\"grid-item--title accordion-title\">Varf\u00f6r \u00f6ppnar inte terassd\u00f6rren ordentligt?<\/a href=\"#\">\n\t\t\t\t<div class=\"accordion-content\" data-tab-content>\n\t\t\t\t<p><span style=\"font-weight: 400;\">Kontrollera f\u00f6rst att korrekt anv\u00e4ndning: vredet m\u00e5ste vara helt \u00f6ppet (90\u00b0). Om felet kvarst\u00e5r se Anv\u00e4ndning av ytter- och terassd\u00f6rrar i Skaalas bruksanvisning f\u00f6r drift, installation och underh\u00e5ll, p\u00e5 sida 9.<\/span><\/p>\n\t\t\t\t<\/div>\n\t\t\t\t<\/div>\n\t\t\t\t\t\t<div class=\"grid-item accordion-item\" data-accordion-item>\n\t\t\t\t<a href=\"#\" class=\"grid-item--title accordion-title\">Varf\u00f6r \u00f6ppnas inte ytterd\u00f6rren ordentligt?<\/a href=\"#\">\n\t\t\t\t<div class=\"accordion-content\" data-tab-content>\n\t\t\t\t<p><span style=\"font-weight: 400;\">Detta beror f\u00f6rmodligen p\u00e5 felaktig inst\u00e4llning av d\u00f6rrbladet. Se Justering av d\u00f6rrblad i Skaalas bruksanvisning f\u00f6r drift, installation och underh\u00e5ll, p\u00e5 sidorna 8 &#8211; 9<\/span><\/p>\n\t\t\t\t<\/div>\n\t\t\t\t<\/div>\n\t\t\t\t\t\t<div class=\"grid-item accordion-item\" data-accordion-item>\n\t\t\t\t<a href=\"#\" class=\"grid-item--title accordion-title\">Varf\u00f6r knapper eller smaller f\u00f6nstren?<\/a href=\"#\">\n\t\t\t\t<div class=\"accordion-content\" data-tab-content>\n\t\t\t\t<p><span style=\"font-weight: 400;\">N\u00e4r temperaturen v\u00e4xlar p\u00e5verkas f\u00f6nstrets aluminiumdelar och anslutningsmaterial p\u00e5 olika s\u00e4tt.\u00a0 Kn\u00e4ppningar och l\u00e4tta sm\u00e4llar beror p\u00e5 olika v\u00e4rmeutvidgningsegenskaper mellan olika material. Fenomenet upptr\u00e4der huvudsakligen p\u00e5 v\u00e5ren, n\u00e4r temperaturv\u00e4xlingarna ligger h\u00f6gst vid olika tidpunkter p\u00e5 dagen. Termisk expansion \u00e4r inte skadlig f\u00f6r f\u00f6nsterkonstruktionen. Skaala-produkterna \u00e4r konstruerade s\u00e5 att termisk expansion mellan olika material har beaktats och materialen kan &#8221;leva&#8221; utan att skadas.<\/span><\/p>\n\t\t\t\t<\/div>\n\t\t\t\t<\/div>\n\t\t\t\t\t\t<div class=\"grid-item accordion-item\" data-accordion-item>\n\t\t\t\t<a href=\"#\" class=\"grid-item--title accordion-title\">Hur man reng\u00f6r Skaala FrostFree-f\u00f6nster?<\/a href=\"#\">\n\t\t\t\t<div class=\"accordion-content\" data-tab-content>\n\t\t\t\t<p><span style=\"font-weight: 400;\">Skaalas FrostFree-f\u00f6nsters alla glasytor tv\u00e4ttas som vilka andra glasytor som helst, med rikligt med vatten samt med normala neutrala (eller svagt alkaliska) tv\u00e4ttmedel eller andra kommersiella reng\u00f6ringsmedel.<\/span><\/p>\n<p><span style=\"font-weight: 400;\">Om glasytorna inte reng\u00f6rs genom normal tv\u00e4ttning kan den oljiga eller eventuella organiska smutsen avl\u00e4gsnas med aceton eller xylen. Efter anv\u00e4ndning av ovanst\u00e5ende l\u00f6sningsmedel m\u00e5ste f\u00f6nstret tv\u00e4ttas igen med vatten.<\/span><\/p>\n<p><span style=\"font-weight: 400;\">OBS! Mekaniska reng\u00f6ringsmetoder (s\u00e5som glasskrapa \/ rakblad) b\u00f6r anv\u00e4ndas endast i extrema fall och med stor f\u00f6rsiktighet.<\/span><\/p>\n\t\t\t\t<\/div>\n\t\t\t\t<\/div>\n\t\t\t\t\t\t<div class=\"grid-item accordion-item\" data-accordion-item>\n\t\t\t\t<a href=\"#\" class=\"grid-item--title accordion-title\">Hur man reng\u00f6r limfl\u00e4ckar eller annan sv\u00e5r smuts p\u00e5 glaset?<\/a href=\"#\">\n\t\t\t\t<div class=\"accordion-content\" data-tab-content>\n\t\t\t\t<p><span style=\"font-weight: 400;\">Det kan finnas rester av lim p\u00e5 glasen, fr\u00e5n etiketter som anv\u00e4nts under tillverkningsprocessen, vilka \u00e4r sv\u00e5ra att avl\u00e4gsna med normala reng\u00f6ringsmedel. De flesta fl\u00e4ckarna kan avl\u00e4gsnas f\u00f6rsiktigt med en glasskrapa. Det \u00e4r tillr\u00e5dligt att anv\u00e4nda xylen, som f\u00e5s fr\u00e5n t.ex. m\u00e5laff\u00e4rer,\u00a0 f\u00f6r att avl\u00e4gsna resten. Att torka med en trasa fuktad med xylen hj\u00e4lper ocks\u00e5 till med andra sv\u00e5ra smutsfl\u00e4ckar utan att skada glaset. Att torka lackytan av tr\u00e4 och aluminiumdelar med xylen b\u00f6r undvikas.<\/span><\/p>\n<p><span style=\"font-weight: 400;\">OBS! P\u00e5 sj\u00e4lvreng\u00f6rande Activ-glas och h\u00e5rdplastat selektivt glas (K-glas) f\u00e5r mekaniska limborttagningsmetoder (skrapor) och alkaliska l\u00f6sningsmedel inte anv\u00e4ndas.<\/span><\/p>\n\t\t\t\t<\/div>\n\t\t\t\t<\/div>\n\t\t\t\t\t\t<div class=\"grid-item accordion-item\" data-accordion-item>\n\t\t\t\t<a href=\"#\" class=\"grid-item--title accordion-title\">Hur kommer damm eller insekter i utrymmet mellan f\u00f6nstren?<\/a href=\"#\">\n\t\t\t\t<div class=\"accordion-content\" data-tab-content>\n\t\t\t\t<p><span style=\"font-weight: 400;\">Grundtanken med f\u00f6nster med tv\u00e5 b\u00e5gar \u00e4r att det skall f\u00f6rekomma ventilation i utrymmet mellan inner- och ytterb\u00e5gen. F\u00f6r att detta skall fungera s\u00e5 m\u00e5ste det finnas ventilationssp\u00e5r i t\u00e4tningarna, som till\u00e5ter luften att cirkulera. Dessutom finns det i underkarmens aluminiumprofil h\u00e5l som har tv\u00e5 funktioner:<\/span><\/p>\n<ul>\n<li><span style=\"font-weight: 400; color: #000000;\">Styra ut regnvatten som kommer p\u00e5 profilen<\/span><\/li>\n<li><span style=\"font-weight: 400; color: #000000;\">M\u00f6jligg\u00f6ra ventilation av utrymmet mellan b\u00e5garna<\/span><\/li>\n<\/ul>\n<p><span style=\"font-weight: 400;\">H\u00e5lens storlek \u00e4r exakt dimensionerade f\u00f6r att s\u00e4kerst\u00e4lla att vattnet dr\u00e4neras. Blockering av h\u00e5l och ventilationssp\u00e5r kan orsaka skador p\u00e5 produkten eller omgivande konstruktion.<\/span><\/p>\n<p><span style=\"font-weight: 400;\">M\u00e4ngden damm och insekter som kan komma in i utrymmet beror p\u00e5 l\u00e4get f\u00f6r l\u00e4genheten och vindens riktning. Under vissa omst\u00e4ndigheter kan mycket fin sn\u00f6 komma in i mellanrummet. Dessa \u00e4r dock inte produktdefekter utan en kombination av produktens egenskaper och milj\u00f6n.<\/span><\/p>\n\t\t\t\t<\/div>\n\t\t\t\t<\/div>\n\t\t\t\t\t\t<div class=\"grid-item accordion-item\" data-accordion-item>\n\t\t\t\t<a href=\"#\" class=\"grid-item--title accordion-title\">Hur man f\u00f6rhindrar kondensering av f\u00f6nstret? (fukt i isolerglaskassetten)<\/a href=\"#\">\n\t\t\t\t<div class=\"accordion-content\" data-tab-content>\n\t\t\t\t<p><span style=\"font-weight: 400;\">Om fukt kondenseras i utrymmet mellan isolerglaset \u00e4r felet i det isolerande glaselementets t\u00e4thet. Om detta h\u00e4nder under den 5-\u00e5rs period som v\u00e5r t\u00e4thetsgaranti g\u00e4ller, levererar vi ett nytt isolerglas.<\/span><\/p>\n\t\t\t\t<\/div>\n\t\t\t\t<\/div>\n\t\t\t\t\t\t<div class=\"grid-item accordion-item\" data-accordion-item>\n\t\t\t\t<a href=\"#\" class=\"grid-item--title accordion-title\">Hur man f\u00f6rhindrar kondensering av f\u00f6nstret? (fukt p\u00e5 utsidan av ytterglaset)<\/a href=\"#\">\n\t\t\t\t<div class=\"accordion-content\" data-tab-content>\n\t\t\t\t<p><span style=\"font-weight: 400;\">Under vissa \u00e5rstider, n\u00e4r luftfuktigheten \u00e4r h\u00f6g, kan f\u00f6nstren ocks\u00e5 kondensera p\u00e5 utsidan av det yttre glaset. Att det uppst\u00e5r imma, allts\u00e5 kondens, beror antingen p\u00e5 l\u00e5g inomhustemperatur eller god v\u00e4rmeisolering av f\u00f6nstret. Kondens bildas p\u00e5 ytterglasets yttre yta, n\u00e4r luftens temperatur (och samtidigt \u00e4ven daggpunkt) stiger snabbare \u00e4n utetemperaturen p\u00e5 f\u00f6nstret.<\/span><\/p>\n<p><span style=\"font-weight: 400;\">\u00a0Vanligtvis bildas kondens p\u00e5 yttre ytan av det yttre glaset under klara n\u00e4tter vid gryningen. De flesta av dessa fenomen upptr\u00e4der under h\u00f6sten och v\u00e5ren. Men fenomenet \u00e4r ocks\u00e5 m\u00f6jligt under riktigt kalla vintrar. Kondensen p\u00e5 den yttre glasytan kan \u00e4ven frysa.<\/span><\/p>\n<p><span style=\"font-weight: 400;\">Kondensen f\u00f6rsvinner antingen n\u00e4r luften v\u00e4rms upp (v\u00e4rmen torkar upp utsidan av glaset) eller n\u00e4r daggpunkten sjunker (l\u00e4gre \u00e4n glasets yttemperatur, dvs. fukt avdunstas tillbaka i luften). Kondensen skadar inte f\u00f6nstret. Att det tidvis f\u00f6rekommer kondens p\u00e5 f\u00f6nstren \u00e4r en normal egenskap hos f\u00f6nster med god v\u00e4rmeisolering.<\/span><\/p>\n\t\t\t\t<\/div>\n\t\t\t\t<\/div>\n\t\t\t\t\t\t<div class=\"grid-item accordion-item\" data-accordion-item>\n\t\t\t\t<a href=\"#\" class=\"grid-item--title accordion-title\">Hur man f\u00f6rhindrar kondensering av f\u00f6nstret? (fukt p\u00e5 insidan av f\u00f6nstret)<\/a href=\"#\">\n\t\t\t\t<div class=\"accordion-content\" data-tab-content>\n\t\t\t\t<p><span style=\"font-weight: 400;\">Att det uppst\u00e5r kondens beror f\u00f6rmodligen p\u00e5 h\u00f6g luftfuktighet i rummet och otillr\u00e4cklig ventilation av glasytan. G\u00f6r f\u00f6ljande:<\/span><\/p>\n<p><span style=\"font-weight: 400;\">Se till att rummet \u00e4r tillr\u00e4ckligt ventilerat. Om det finns en fr\u00e5nluftsventil i rummet \/ f\u00f6nstret, se till att den \u00e4r \u00f6ppen.\u00a0<\/span><\/p>\n<p><span style=\"font-weight: 400;\">En bra luftfuktighet i rummet \u00e4r 35-55%.<\/span><\/p>\n<p><span style=\"font-weight: 400;\">Se till att rumstemperaturen \u00e4r normal (20-22 \u00b0 C).<\/span><\/p>\n<p><span style=\"font-weight: 400;\">Se till att gardiner, krukv\u00e4xter eller andra saker inte hindrar luftcirkulationen framf\u00f6r f\u00f6nstret.<\/span><\/p>\n<p><span style=\"font-weight: 400;\">Ett fast f\u00f6nster, speciellt vid glasets kanter (s\u00e4rskilt nertill) kondenserar alltid fukt under vissa f\u00f6rh\u00e5llanden. Detta beror p\u00e5 att kallbryggan, som bildas av isoleringsglasets isolationslist,\u00a0 kyler ner glasets kant kraftigt. Detta fenomen uppst\u00e5r \u00e4ven i de fall d\u00e4r glaset sj\u00e4lv kan ha b\u00e4ttre v\u00e4rmeisolering \u00e4n genomsnittet. P\u00e5 vintern, n\u00e4r utetemperaturen sjunker mycket l\u00e5gt, kan detta kantomr\u00e5de \u00e4ven frysa.<\/span><\/p>\n<p><span style=\"font-weight: 400;\">Speciellt i stenhus \u00e4r luftfuktigheten inomhus h\u00f6gre \u00e4n normalt under de f\u00f6rsta uppv\u00e4rmningsperioderna p\u00e5 grund av att fukten s\u00f6ker sig ut ur konstruktionen.<\/span><\/p>\n<p><span style=\"font-weight: 400;\">N\u00e4r det g\u00e4ller kondens p\u00e5 fasta f\u00f6nster \u00e4r det alltid viktigt att\u00a0 se \u00f6ver ovann\u00e4mnda faktorer, allts\u00e5 ventilation, tillr\u00e4ckligt l\u00e5g luftfuktighet samt luftcirkulation p\u00e5 f\u00f6nstrets insida.<\/span><\/p>\n\t\t\t\t<\/div>\n\t\t\t\t<\/div>\n\t\t\t\t\t\t<div class=\"grid-item accordion-item\" data-accordion-item>\n\t\t\t\t<a href=\"#\" class=\"grid-item--title accordion-title\">Hur man f\u00f6rhindrar kondensering av f\u00f6nstret? (fukt p\u00e5 insidan av ytterb\u00e5gen)<\/a href=\"#\">\n\t\t\t\t<div class=\"accordion-content\" data-tab-content>\n\t\t\t\t<p><span style=\"font-weight: 400;\">Kontrollera att alla l\u00e5s \u00e4r st\u00e4ngda i inner- och ytterb\u00e5gen.<\/span><\/p>\n<p><span style=\"font-weight: 400;\">Kontrollera att husets ventilation \u00e4r korrekt inst\u00e4llt (undertryck).\u00a0<\/span><\/p>\n<p><span style=\"font-weight: 400;\">Tryckbalansen kan snabbt kontrolleras med ett enkelt test. \u00d6ppna v\u00e4dringsf\u00f6nstret p\u00e5 gl\u00e4nt (ca 2-3 cm), h\u00e5ll en t\u00e4ndare med l\u00e5ga p\u00e5 insidan av v\u00e4dringsf\u00f6nstret. Om l\u00e5gan s\u00f6ker sig ut\u00e5t \u00e4r det \u00f6vertryck i rummet. D\u00e5 s\u00f6ker sig varm, fuktig inomhusluft ut\u00e5t till utrymmet mellan b\u00e5garna genom bl.a. h\u00e5l i beslag och borrningar f\u00f6r persienner. I detta fall b\u00f6r ventilationsinst\u00e4llningarna ses \u00f6ver.<\/span><\/p>\n<p><span style=\"font-weight: 400;\">\u00a0Kontrollera innerb\u00e5gens t\u00e4thet och t\u00e4tningar. T\u00e4tningarnas funktion kan testas med en pappersbit. L\u00e4gg en pappersremsa, ett par centimeter bred, mellan t\u00e4tningen och st\u00e4ng f\u00f6nstret. Genom att dra pappersremsan ut fr\u00e5n den st\u00e4ngda b\u00e5gen f\u00e5r man klarhet i t\u00e4tningarnas funktion. Pappret skall komma loss n\u00e4r man drar, men det skall k\u00e4nnas ett visst motst\u00e5nd. Justera b\u00e5gen vid behov.<\/span><\/p>\n<p><span style=\"font-weight: 400;\">\u00a0Kontrollera ytterb\u00e5gens t\u00e4thet och t\u00e4tningarnas ventilationsh\u00e5l s\u00e5 att luften kan cirkulera.<\/span><\/p>\n<p><span style=\"font-weight: 400;\">Se till att h\u00e5len i den undre karmens aluminiumprofil inte \u00e4r igent\u00e4ppta.<\/span><\/p>\n\t\t\t\t<\/div>\n\t\t\t\t<\/div>\n\t\t\t\t\t\t<div class=\"grid-item accordion-item\" data-accordion-item>\n\t\t\t\t<a href=\"#\" class=\"grid-item--title accordion-title\">Hur man tar hand om sj\u00e4lvrensande glas?<\/a href=\"#\">\n\t\t\t\t<div class=\"accordion-content\" data-tab-content>\n\t\t\t\t<p><span style=\"font-weight: 400;\">Sj\u00e4lvreng\u00f6rande glas \u00e4r vanligt glas vars utsida har en specialbel\u00e4ggning med tv\u00e5 effekter. Solljus bryter ner den organiska smuts som finns p\u00e5 glasytan och regnvatten sk\u00f6ljer bort smutsen som har lossnat. Bel\u00e4ggningen \u00e4r fast fixerad i glaset\u00a0 \u2013 s\u00e5ledes f\u00f6rst\u00f6rs det endast om vassa f\u00f6rem\u00e5l, polerande reng\u00f6ringsmedel eller st\u00e5lull skadar sj\u00e4lva glaset. Du kan tv\u00e4tta ett sj\u00e4lvreng\u00f6rande glas p\u00e5 samma s\u00e4tt som v\u00e5ra \u00f6vriga produkter, med ett milt alkaliskt reng\u00f6ringsmedel. Den vanligaste orsaken till att sj\u00e4lvreng\u00f6ringen inte fungerar \u00e4r brist p\u00e5 solljus eller regnvatten.<\/span><\/p>\n\t\t\t\t<\/div>\n\t\t\t\t<\/div>\n\t\t\t\t\t\t<div class=\"grid-item accordion-item\" data-accordion-item>\n\t\t\t\t<a href=\"#\" class=\"grid-item--title accordion-title\">Varf\u00f6r det finns bubblor eller streck i f\u00f6nstrets glas?<\/a href=\"#\">\n\t\t\t\t<div class=\"accordion-content\" data-tab-content>\n\t\t\t\t<p><span style=\"font-weight: 400;\">I glaset kan det f\u00f6rekomma sp\u00e5r som har uppst\u00e5tt redan i tillverkningensprocessen f\u00f6r floatglaset. Det finns inga krav p\u00e5 att floatglas som anv\u00e4nds i f\u00f6nster skall vara optiskt felfria och d\u00e4rf\u00f6r godk\u00e4nns sm\u00e5 sp\u00e5r eller \u201dbubblor\u201d\u00a0 i f\u00f6nsterglasens kvalitetsf\u00f6reskrifter.<\/span><\/p>\n<p><span style=\"font-weight: 400;\">F\u00f6r att granska avvikelser i glas finns det tydliga instruktioner, bl.a. hos Tasolasiyhdistys och i RT-kort (RT 38-10901, s. 5).<\/span><\/p>\n\t\t\t\t<\/div>\n\t\t\t\t<\/div>\n\t\t\t\t\t<div class=\"archive-link\">\n\t\t\t<a href=\"https:\/\/www.skaala.com\/sv\/ukk\/\" class=\"button\">Se alla fr\u00e5gor<\/a>\n\t\t<\/div>\n\t<\/div>\n<\/div>\n","protected":false},"excerpt":{"rendered":"","protected":false},"author":1,"featured_media":16407,"parent":0,"menu_order":0,"comment_status":"closed","ping_status":"closed","template":"","meta":{"_acf_changed":false,"inline_featured_image":false,"footnotes":""},"class_list":["post-6186","page","type-page","status-publish","has-post-thumbnail","hentry"],"acf":[],"_links":{"self":[{"href":"https:\/\/www.skaala.com\/sv\/wp-json\/wp\/v2\/pages\/6186","targetHints":{"allow":["GET"]}}],"collection":[{"href":"https:\/\/www.skaala.com\/sv\/wp-json\/wp\/v2\/pages"}],"about":[{"href":"https:\/\/www.skaala.com\/sv\/wp-json\/wp\/v2\/types\/page"}],"author":[{"embeddable":true,"href":"https:\/\/www.skaala.com\/sv\/wp-json\/wp\/v2\/users\/1"}],"replies":[{"embeddable":true,"href":"https:\/\/www.skaala.com\/sv\/wp-json\/wp\/v2\/comments?post=6186"}],"version-history":[{"count":23,"href":"https:\/\/www.skaala.com\/sv\/wp-json\/wp\/v2\/pages\/6186\/revisions"}],"predecessor-version":[{"id":14771,"href":"https:\/\/www.skaala.com\/sv\/wp-json\/wp\/v2\/pages\/6186\/revisions\/14771"}],"wp:featuredmedia":[{"embeddable":true,"href":"https:\/\/www.skaala.com\/sv\/wp-json\/wp\/v2\/media\/16407"}],"wp:attachment":[{"href":"https:\/\/www.skaala.com\/sv\/wp-json\/wp\/v2\/media?parent=6186"}],"curies":[{"name":"wp","href":"https:\/\/api.w.org\/{rel}","templated":true}]}}